{"id":20738,"date":"2024-01-05T11:14:06","date_gmt":"2024-01-05T11:14:06","guid":{"rendered":"https:\/\/retreatsiceland.com\/?post_type=cpt_services&#038;p=20738"},"modified":"2026-04-06T14:33:00","modified_gmt":"2026-04-06T14:33:00","slug":"retreats-3-2","status":"publish","type":"cpt_services","link":"https:\/\/retreatsiceland.com\/is\/services\/retreats-3-2\/","title":{"rendered":"3 Daga \"solo\" heilunarhelgar"},"content":{"rendered":"<h2 class=\"wp-block-heading\">Dagsetning<\/h2>\n\n\n\n<p><strong>Custom offer, send us your request for a date<\/strong><\/p>\n\n\n\n<h2 class=\"wp-block-heading\">Ver\u00f0<\/h2>\n\n\n\n<p>$2200 USD (Full price for one person)<br>$1999 (Early-bird &#8211; Ends 30 days before retreat starts)<\/p>\n\n\n\n<h2 class=\"wp-block-heading\">Uppl\u00fdsingar<\/h2>\n\n\n\n<p>Step into a world of love, joy, and deeper connections.<\/p>\n\n\n\n<p>Imagine yourself spending a few days in the beautiful nature of south Iceland.<\/p>\n\n\n\n<p>Relaxing while enjoying transformational energy and sound healing, all on your own terms as a solo traveler.<\/p>\n\n\n\n<p>We want to invite you to join us on an epic journey to the heart of southern Iceland, where the powerful energies of nature and the spirit come together.<\/p>\n\n\n\n<p>Iceland is a magical place, full of spirits and powerful energy that will guide you toward your spiritual path &#8211; and it&#8217;s actually surprisingly easy to fly to Iceland from Europe and the USA.<\/p>\n\n\n\n<p>Join us\u202f for three transformational days that will blend the power of beautiful music, nature, spirituality, and relaxation to bring balance and harmony to your mind, body, and soul.<\/p>\n\n\n\n<p>Okkar lofor\u00f0:<strong>Fer\u00f0alag heilunar sem gleymist aldrei.&nbsp;<\/strong>\u2764<\/p>\n\n\n\n<p><strong>You will be investing in charging your body and soul, energetically and spiritually.<\/strong><\/p>\n\n\n\n<p>Our program includes a rich array of activities, from meditations and vibrational therapies to scenic tours and nourishing meals, which are all included.<\/p>\n\n\n\n<p><strong>This is a private experience for a solo traveler or a couple who would like to customize their experience.<\/strong><\/p>\n\n\n\n<p>We will figure out what you need and tailor this unique retreat to you as an individual or a couple.<\/p>\n\n\n\n<h2 class=\"wp-block-heading\">Innifali\u00f0<\/h2>\n\n\n\n<h4 class=\"wp-block-heading\">H\u00e6fni<\/h4>\n\n\n\n<p>Byrjendur e\u00f0a lengra komnir<\/p>\n\n\n\n<h4 class=\"wp-block-heading\">Matur<\/h4>\n\n\n\n<p>Gr\u00e6nmetisr\u00e9ttir, Gluten-laust, ofn\u00e6mi osfrv.<\/p>\n\n\n\n<h5 class=\"wp-block-heading\">Gjafir <\/h5>\n\n\n\n<ul class=\"wp-block-list\">\n<li>A unique and powerful volcano ash necklace<\/li>\n\n\n\n<li>Icelandic lucky charm<\/li>\n<\/ul>\n\n\n\n<div style=\"height:20px\" aria-hidden=\"true\" class=\"wp-block-spacer extra_tiny_spacer\"><\/div>\n\n\n\n<figure class=\"wp-block-gallery has-nested-images columns-default is-cropped wp-block-gallery-1 is-layout-flex wp-block-gallery-is-layout-flex\">\n<figure class=\"wp-block-image size-large\"><img fetchpriority=\"high\" decoding=\"async\" width=\"1024\" height=\"641\" data-id=\"19883\" src=\"https:\/\/retreatsiceland.com\/wp-content\/uploads\/2023\/04\/dreamstime_xxl_91581026-1024x641.jpg\" alt=\"\" class=\"wp-image-19883\" srcset=\"https:\/\/retreatsiceland.com\/wp-content\/uploads\/2023\/04\/dreamstime_xxl_91581026-1024x641.jpg 1024w, https:\/\/retreatsiceland.com\/wp-content\/uploads\/2023\/04\/dreamstime_xxl_91581026-300x188.jpg 300w, https:\/\/retreatsiceland.com\/wp-content\/uploads\/2023\/04\/dreamstime_xxl_91581026-768x481.jpg 768w, https:\/\/retreatsiceland.com\/wp-content\/uploads\/2023\/04\/dreamstime_xxl_91581026-1536x961.jpg 1536w, https:\/\/retreatsiceland.com\/wp-content\/uploads\/2023\/04\/dreamstime_xxl_91581026-2048x1281.jpg 2048w, https:\/\/retreatsiceland.com\/wp-content\/uploads\/2023\/04\/dreamstime_xxl_91581026-370x232.jpg 370w, https:\/\/retreatsiceland.com\/wp-content\/uploads\/2023\/04\/dreamstime_xxl_91581026-840x526.jpg 840w, https:\/\/retreatsiceland.com\/wp-content\/uploads\/2023\/04\/dreamstime_xxl_91581026-410x257.jpg 410w, https:\/\/retreatsiceland.com\/wp-content\/uploads\/2023\/04\/dreamstime_xxl_91581026-1320x826.jpg 1320w, https:\/\/retreatsiceland.com\/wp-content\/uploads\/2023\/04\/dreamstime_xxl_91581026-600x375.jpg 600w\" sizes=\"(max-width: 1024px) 100vw, 1024px\" \/><\/figure>\n\n\n\n<figure class=\"wp-block-image size-large\"><img decoding=\"async\" data-id=\"19885\" src=\"https:\/\/retreatsiceland.com\/wp-content\/uploads\/2023\/04\/dreamstime_xxl_48390561-1024x683.jpg\" alt=\"\" class=\"wp-image-19885\"\/><\/figure>\n<\/figure>\n\n\n\n<h2 class=\"wp-block-heading\">L\u00fdsing<\/h2>\n\n\n\n<p>Helgin \u00fe\u00edn ver\u00f0ur<strong> sannarlega t\u00f6frandi<\/strong> og<strong> umbreytandi <\/strong>og<strong> hjarta opnandi.<\/strong><\/p>\n\n\n\n<p>\u00d3gleymanleg upplifun fyrir hagst\u00e6tt ver\u00f0. Tenging vi\u00f0 n\u00e1tt\u00faruna og sl\u00f6kun \u00e1 su\u00f0urlandi.<\/p>\n\n\n\n<p>Ertu \u00fe\u00fa a\u00f0 leita a\u00f0 meiri <strong>hl\u00fdju, gle\u00f0i og d\u00fdpri tengingum<\/strong> \u00ed \u00feitt l\u00edf?<\/p>\n\n\n\n<p>\u00cd st\u00f3rkostlegu landslaginu muntu upplifa \u00fdmsar a\u00f0fer\u00f0ir orkuheilunar og t\u00f3nheilunar til a\u00f0 n\u00e1 fram jafnv\u00e6gi \u00ed huga, l\u00edkama og anda.<\/p>\n\n\n\n<p>\u00de\u00fa munt upplifa <strong>leiddar huglei\u00f0slur<\/strong>, anda a\u00f0 \u00fe\u00e9r heilandi orku n\u00e1tt\u00farunnar, upplifa <strong>v\u00edbrandi t\u00f3\u00f0nir <\/strong>t\u00f3nlistar, hlj\u00f3\u00f0s og <strong>heilandi orku<\/strong>, auk \u00feess a\u00f0 nj\u00f3ta kyrr\u00f0ar s\u00e1larinnar.<\/p>\n\n\n\n<p>Vi\u00f0 erum afar reynd og lei\u00f0um \u00feig \u00ed gegnum \u00feetta fer\u00f0alag \u00ed \u00f6ruggu umhverfi sem er hanna\u00f0 fyrir \u00feig til a\u00f0 sko\u00f0a \u00feitt innra sj\u00e1lf og vaxa. <strong>heal, and grow.<\/strong><\/p>\n\n\n\n<p>Vi\u00f0 bj\u00f3\u00f0um fram n\u00e6randi <strong>m\u00e1lt\u00ed\u00f0ir<\/strong> og \u00fe\u00e6gilegar gistia\u00f0st\u00e6\u00f0ur sem bj\u00f3\u00f0a upp \u00e1 hl\u00fdtt og gott skj\u00f3l til a\u00f0 n\u00e6ra andann.<\/p>\n\n\n\n<p>Hvort sem \u00fe\u00fa ert a\u00f0 leita a\u00f0 kyrr\u00f0, sk\u00edrleika e\u00f0a einfaldlega d\u00fdpri tengingum \u00ed l\u00edfi\u00f0 \u00fe\u00e1 er \u00feessi heilunarhelgi vegfer\u00f0 til hjartans \u00fear sem s\u00e1lin finnur<strong> heilun og fri\u00f0<\/strong>. Komdu me\u00f0 okkur og leyf\u00f0u orku n\u00e1tt\u00farunnar og andanum ao lei\u00f0a \u00feig \u00feessa vegfer\u00f0 <strong>sj\u00e1lfsko\u00f0unar, heilunar og umbreytinga.<\/strong>&#8220;<\/p>\n\n\n\n<figure class=\"wp-block-gallery has-nested-images columns-default is-cropped wp-block-gallery-2 is-layout-flex wp-block-gallery-is-layout-flex\">\n<figure class=\"wp-block-image size-full\"><img decoding=\"async\" width=\"2560\" height=\"1440\" data-id=\"19919\" src=\"https:\/\/retreatsiceland.com\/wp-content\/uploads\/revslider\/video-media\/Kerid5_1-scaled.jpeg\" alt=\"\" class=\"wp-image-19919\" srcset=\"https:\/\/retreatsiceland.com\/wp-content\/uploads\/revslider\/video-media\/Kerid5_1-scaled.jpeg 2560w, https:\/\/retreatsiceland.com\/wp-content\/uploads\/revslider\/video-media\/Kerid5_1-300x169.jpeg 300w, https:\/\/retreatsiceland.com\/wp-content\/uploads\/revslider\/video-media\/Kerid5_1-1024x576.jpeg 1024w, https:\/\/retreatsiceland.com\/wp-content\/uploads\/revslider\/video-media\/Kerid5_1-768x432.jpeg 768w, https:\/\/retreatsiceland.com\/wp-content\/uploads\/revslider\/video-media\/Kerid5_1-1536x864.jpeg 1536w, https:\/\/retreatsiceland.com\/wp-content\/uploads\/revslider\/video-media\/Kerid5_1-2048x1152.jpeg 2048w, https:\/\/retreatsiceland.com\/wp-content\/uploads\/revslider\/video-media\/Kerid5_1-370x208.jpeg 370w, https:\/\/retreatsiceland.com\/wp-content\/uploads\/revslider\/video-media\/Kerid5_1-1290x725.jpeg 1290w, https:\/\/retreatsiceland.com\/wp-content\/uploads\/revslider\/video-media\/Kerid5_1-840x473.jpeg 840w, https:\/\/retreatsiceland.com\/wp-content\/uploads\/revslider\/video-media\/Kerid5_1-410x231.jpeg 410w, https:\/\/retreatsiceland.com\/wp-content\/uploads\/revslider\/video-media\/Kerid5_1-270x152.jpeg 270w\" sizes=\"(max-width: 2560px) 100vw, 2560px\" \/><\/figure>\n\n\n\n<figure class=\"wp-block-image size-large\"><img decoding=\"async\" width=\"1024\" height=\"684\" data-id=\"19890\" src=\"https:\/\/retreatsiceland.com\/wp-content\/uploads\/2023\/04\/dreamstime_xxl_85003923-1024x684.jpg\" alt=\"\" class=\"wp-image-19890\" srcset=\"https:\/\/retreatsiceland.com\/wp-content\/uploads\/2023\/04\/dreamstime_xxl_85003923-1024x684.jpg 1024w, https:\/\/retreatsiceland.com\/wp-content\/uploads\/2023\/04\/dreamstime_xxl_85003923-300x200.jpg 300w, https:\/\/retreatsiceland.com\/wp-content\/uploads\/2023\/04\/dreamstime_xxl_85003923-768x513.jpg 768w, https:\/\/retreatsiceland.com\/wp-content\/uploads\/2023\/04\/dreamstime_xxl_85003923-1536x1025.jpg 1536w, https:\/\/retreatsiceland.com\/wp-content\/uploads\/2023\/04\/dreamstime_xxl_85003923-2048x1367.jpg 2048w, https:\/\/retreatsiceland.com\/wp-content\/uploads\/2023\/04\/dreamstime_xxl_85003923-370x247.jpg 370w, https:\/\/retreatsiceland.com\/wp-content\/uploads\/2023\/04\/dreamstime_xxl_85003923-840x561.jpg 840w, https:\/\/retreatsiceland.com\/wp-content\/uploads\/2023\/04\/dreamstime_xxl_85003923-410x274.jpg 410w, https:\/\/retreatsiceland.com\/wp-content\/uploads\/2023\/04\/dreamstime_xxl_85003923-1320x881.jpg 1320w, https:\/\/retreatsiceland.com\/wp-content\/uploads\/2023\/04\/dreamstime_xxl_85003923-600x401.jpg 600w\" sizes=\"(max-width: 1024px) 100vw, 1024px\" \/><\/figure>\n<\/figure>\n\n\n\n<p>St\u00edg\u00f0u inn \u00ed heim umhyggju, gle\u00f0i og d\u00fdpri tenginga. Mundu a\u00f0 \u00fea\u00f0 eru engar tilviljanir \u00ed \u00feessum heimi og \u00fe\u00fa hefur fundi\u00f0 \u00feennan sta\u00f0 af \u00e1st\u00e6\u00f0u.<\/p>\n\n\n\n<p>Nj\u00f3ttu \u00feess a\u00f0 umlykja \u00feig fegur\u00f0 og fallegri orku n\u00e1tt\u00farunnar og f\u00e1\u00f0u t\u00f3l og t\u00e6ki til a\u00f0 n\u00fdta \u00e1 \u00feinni vegfer\u00f0.<\/p>\n\n\n\n<p>Vi\u00f0 bj\u00f3\u00f0um upp \u00e1 \u00fe\u00e6gilega gistia\u00f0st\u00f6\u00f0u, n\u00e6randi m\u00e1lt\u00ed\u00f0ir og far fr\u00e1 Reykjav\u00edk e\u00f0a Selfossi ef \u00fearf.<\/p>\n\n\n\n<p>Biofield tuning t\u00edmi og Tarotlestur er einnig \u00ed bo\u00f0i ef \u00f3ska\u00f0 er eftir \u00fev\u00ed. Allir eru velkomnir, hvort sem \u00feeir fer\u00f0ast einir e\u00f0a \u00ed h\u00f3p me\u00f0 vinum e\u00f0a fj\u00f6lskyldu.<\/p>\n\n\n\n<p><strong>B\u00e6ttu vi\u00f0 \u00fe\u00edna upplifun me\u00f0 aukap\u00f6kkum:<\/strong><\/p>\n\n\n\n<ul class=\"wp-block-list\">\n<li>Skutl fr\u00e1\/til Reykjav\u00edk e\u00f0a Keflav\u00edk: 12.000 kr.<\/li>\n\n\n\n<li>Skutl fr\u00e1 Selfossi: 5000 kr.<\/li>\n\n\n\n<li>Auka n\u00f3tt: 12.000 kr (fyrir e\u00f0a eftir helgina)<\/li>\n<\/ul>\n\n\n\n<p><\/p>\n\n\n\n<h2 class=\"wp-block-heading\">\u00d3keypis afb\u00f3kun<\/h2>\n\n\n\n<p>100% endurgrei\u00f0sla 1+ daga fyrir<\/p>\n\n\n\n<p><\/p>\n\n\n\n<h2 class=\"wp-block-heading\">\u00c1vinningur<\/h2>\n\n\n\n<ul class=\"wp-block-list\">\n<li>Afslappandi fr\u00ed \u00e1 fallegum sta\u00f0<\/li>\n\n\n\n<li>Fri\u00f0ur og r\u00f3 fyrir hugann, falleg orka fyrir l\u00edkamann<\/li>\n\n\n\n<li>Tilvalinn sta\u00f0ur til a\u00f0 slaka \u00e1 og nj\u00f3ta fegur\u00f0ar n\u00e1tt\u00farunnar<\/li>\n\n\n\n<li>Gef\u00f0u \u00fe\u00e9r t\u00edma til a\u00f0 einbeita \u00fe\u00e9r a\u00f0 sj\u00e1lfum \u00fe\u00e9r, \u00fe\u00ednu fer\u00f0alagi og innri me\u00f0vitund \u00feinni.<\/li>\n<\/ul>\n\n\n\n<p><a href=\"https:\/\/bookretreats.com\/3-day-deep-healing-journey-relaxing-spiritual-retreat-iceland#whatMakesThisRetreatSpecial\" target=\"_blank\" rel=\"noopener\">&nbsp;<\/a><\/p>\n\n\n\n<h2 class=\"wp-block-heading\">Hva\u00f0 gerir \u00feetta s\u00e9rstakt<\/h2>\n\n\n\n<p>\u00deessi einstaka dv\u00f6l er innbl\u00e1sin arflei\u00f0 okkar sem \u00edslendingum og r\u00edkum hef\u00f0um og er \u00f3l\u00edk \u00f6llum \u00f6\u00f0rum \u00ed heiminum.<\/p>\n\n\n\n<p>Helgin samanstendur af mismunandi a\u00f0fer\u00f0um sem vi\u00f0 h\u00f6fum vafi\u00f0 saman \u00ed hinn fullkomna b\u00fatasaum hlj\u00f3\u00f0a og orku.<\/p>\n\n\n\n<p>Vi\u00f0 munum einnig st\u00edga \u00fat fyrir og fara \u00ed sm\u00e1 fer\u00f0 \u00ed umhverfinu.<\/p>\n\n\n\n<p>Me\u00f0 farastj\u00f3ra sem lei\u00f0a veginn finnur\u00f0u sanna sl\u00f6kun, dj\u00fapa heilun og tengingu s\u00e1larinnar.<\/p>\n\n\n\n<div style=\"height:20px\" aria-hidden=\"true\" class=\"wp-block-spacer tiny_spacer\"><\/div>\n\n\n<div class=\"widget_area sc_widget_video\"><aside class=\"widget widget_video\"><div id=\"sc_video_273872720\" class=\"trx_addons_video_player without_cover\"><div class=\"video_embed video_frame\"><iframe src=\"https:\/\/www.youtube.com\/embed\/VQMZQ95LeC4?feature=oembed&#038;wmode=transparent&#038;origin=https%3A%2F%2Fretreatsiceland.com%2Fis&#038;widgetid=1&#038;enablejsapi=1&#038;disablekb=1&#038;modestbranding=1&#038;iv_load_policy=3&#038;rel=0&#038;showinfo=0&#038;playsinline=1\" width=\"940\" height=\"529\"><\/iframe><\/div><\/div><\/aside><\/div>\n\n\n<div style=\"height:100px\" aria-hidden=\"true\" class=\"wp-block-spacer small_spacer\"><\/div>\n\n\n\n<h2 class=\"wp-block-heading\">Dagskr\u00e1<\/h2>\n\n\n\n<p><strong>Helgardagskr\u00e1:<\/strong><\/p>\n\n\n\n<p><strong>F\u00f6studagur - Byrjar kl 18<\/strong><\/p>\n\n\n\n<ul class=\"wp-block-list\">\n<li>Kv\u00f6ldmatur<\/li>\n\n\n\n<li>Kynning og spjall<\/li>\n\n\n\n<li>Vocal chakra tuning \u00e6fing<\/li>\n\n\n\n<li>Leidd huglei\u00f0sla<\/li>\n\n\n\n<li>Trommuhringur og mantra t\u00f3lnist<\/li>\n\n\n\n<li>Huglei\u00f0ingar og dagb\u00f3karskrif<\/li>\n<\/ul>\n\n\n\n<p><strong>Laugardagur (fr\u00e1 9 - 23)<\/strong><\/p>\n\n\n\n<ul class=\"wp-block-list\">\n<li>Morgunmatur<\/li>\n\n\n\n<li>Vekjum l\u00edkamann<\/li>\n\n\n\n<li>Hlj\u00f3\u00f0hringur<\/li>\n\n\n\n<li>Leidd huglei\u00f0sla<\/li>\n\n\n\n<li>H\u00e1degismatur \u00e1 veitingasta\u00f0<\/li>\n\n\n\n<li>Skrepp r\u00fantur e\u00f0a fr\u00edt\u00edmi<\/li>\n\n\n\n<li>Sacred energies orkuheilun <\/li>\n\n\n\n<li>Kv\u00f6ldmatur<\/li>\n\n\n\n<li>Meditation session and ceremony<\/li>\n\n\n\n<li>Cacao serem\u00f3n\u00eda<\/li>\n\n\n\n<li>Eldhreinsun ath\u00f6fn<\/li>\n\n\n\n<li>Trommuhringur og mantra t\u00f3lnist<\/li>\n\n\n\n<li>Gong t\u00f3nheilun (ef t\u00edmi leyfir)<\/li>\n<\/ul>\n\n\n\n<p><strong>Sunnudagur (fr\u00e1 9 - 12)<\/strong><\/p>\n\n\n\n<ul class=\"wp-block-list\">\n<li>Morgunmatur<\/li>\n\n\n\n<li>Vekjum l\u00edkamann<\/li>\n\n\n\n<li>Inner child meditation session<\/li>\n\n\n\n<li>Biofield tuning sound healing session<\/li>\n\n\n\n<li>Huglei\u00f0ingar og dagb\u00f3karskrif<\/li>\n\n\n\n<li>Oracle kortalestur<\/li>\n\n\n\n<li>H\u00e1degismatur og kve\u00f0ja<\/li>\n<\/ul>\n\n\n\n<p><a href=\"https:\/\/bookretreats.com\/3-day-deep-healing-journey-relaxing-spiritual-retreat-iceland#food\" target=\"_blank\" rel=\"noopener\">&nbsp;<\/a><\/p>\n\n\n\n<figure class=\"wp-block-gallery has-nested-images columns-default is-cropped wp-block-gallery-3 is-layout-flex wp-block-gallery-is-layout-flex\">\n<figure class=\"wp-block-image size-large\"><img loading=\"lazy\" decoding=\"async\" width=\"1024\" height=\"768\" data-id=\"19947\" src=\"https:\/\/retreatsiceland.com\/wp-content\/uploads\/2021\/08\/IMG_6001-1024x768.jpg\" alt=\"\" class=\"wp-image-19947\" srcset=\"https:\/\/retreatsiceland.com\/wp-content\/uploads\/2021\/08\/IMG_6001-1024x768.jpg 1024w, https:\/\/retreatsiceland.com\/wp-content\/uploads\/2021\/08\/IMG_6001-300x225.jpg 300w, https:\/\/retreatsiceland.com\/wp-content\/uploads\/2021\/08\/IMG_6001-768x576.jpg 768w, https:\/\/retreatsiceland.com\/wp-content\/uploads\/2021\/08\/IMG_6001-1536x1152.jpg 1536w, https:\/\/retreatsiceland.com\/wp-content\/uploads\/2021\/08\/IMG_6001-2048x1536.jpg 2048w, https:\/\/retreatsiceland.com\/wp-content\/uploads\/2021\/08\/IMG_6001-370x278.jpg 370w, https:\/\/retreatsiceland.com\/wp-content\/uploads\/2021\/08\/IMG_6001-840x630.jpg 840w, https:\/\/retreatsiceland.com\/wp-content\/uploads\/2021\/08\/IMG_6001-410x308.jpg 410w\" sizes=\"(max-width: 1024px) 100vw, 1024px\" \/><\/figure>\n\n\n\n<figure class=\"wp-block-image size-large\"><img loading=\"lazy\" decoding=\"async\" width=\"1024\" height=\"768\" data-id=\"19948\" src=\"https:\/\/retreatsiceland.com\/wp-content\/uploads\/2021\/08\/IMG_60021-1024x768.jpg\" alt=\"\" class=\"wp-image-19948\" srcset=\"https:\/\/retreatsiceland.com\/wp-content\/uploads\/2021\/08\/IMG_60021-1024x768.jpg 1024w, https:\/\/retreatsiceland.com\/wp-content\/uploads\/2021\/08\/IMG_60021-300x225.jpg 300w, https:\/\/retreatsiceland.com\/wp-content\/uploads\/2021\/08\/IMG_60021-768x576.jpg 768w, https:\/\/retreatsiceland.com\/wp-content\/uploads\/2021\/08\/IMG_60021-1536x1152.jpg 1536w, https:\/\/retreatsiceland.com\/wp-content\/uploads\/2021\/08\/IMG_60021-2048x1536.jpg 2048w, https:\/\/retreatsiceland.com\/wp-content\/uploads\/2021\/08\/IMG_60021-370x278.jpg 370w, https:\/\/retreatsiceland.com\/wp-content\/uploads\/2021\/08\/IMG_60021-840x630.jpg 840w, https:\/\/retreatsiceland.com\/wp-content\/uploads\/2021\/08\/IMG_60021-410x308.jpg 410w\" sizes=\"(max-width: 1024px) 100vw, 1024px\" \/><\/figure>\n<\/figure>\n\n\n\n<h2 class=\"wp-block-heading\">Matur<\/h2>\n\n\n\n<p>\u00de\u00fa munt sn\u00e6\u00f0a bl\u00f6ndu af l\u00e9ttum vegan e\u00f0a gr\u00e6nmetisr\u00e9ttum.<\/p>\n\n\n\n<p>Vi\u00f0 munum rei\u00f0a fram gr\u00e6nmetiss\u00fapur, pasta, vegan j\u00f3g\u00fart, salat, \u00e1vexti, brau\u00f0 og annan l\u00e9ttan mat.<\/p>\n\n\n\n<p>Brau\u00f0 og snarl eru alltaf \u00ed bo\u00f0i \u00e1samt jurtate, kaffi, s\u00f6fum og vatni.<\/p>\n\n\n\n<p><\/p>\n\n\n\n<h2 class=\"wp-block-heading\">Hva\u00f0 er innifali\u00f0<\/h2>\n\n\n\n<ul class=\"wp-block-list\">\n<li>Gisting<\/li>\n\n\n\n<li>\u00derj\u00e1r m\u00e1lt\u00ed\u00f0ir \u00e1 dag<\/li>\n\n\n\n<li>Vatn, kaffi, te og safar<\/li>\n\n\n\n<li>Daglegar huglei\u00f0slur<\/li>\n\n\n\n<li>Fer\u00f0ir \u00fat fyrir h\u00fasi\u00f0 \u00e1 \u00fdmsa sta\u00f0i<\/li>\n\n\n\n<li>B\u00edlfer\u00f0ir \u00e1 me\u00f0an helgin er<\/li>\n\n\n\n<li>Inngangseyrir og annar kostna\u00f0ur<\/li>\n\n\n\n<li>Myndataka<\/li>\n\n\n\n<li>B\u00edlast\u00e6\u00f0i<\/li>\n\n\n\n<li>Geymsla farangurs<\/li>\n\n\n\n<li>\u00dej\u00f3nusta fyrir og eftir<\/li>\n\n\n\n<li>Internet og \u00fer\u00e1\u00f0laust internet<\/li>\n\n\n\n<li>B\u00e6klingur og lei\u00f0beiningar<\/li>\n<\/ul>\n\n\n\n<p><a href=\"https:\/\/bookretreats.com\/3-day-deep-healing-journey-relaxing-spiritual-retreat-iceland#whatsNotIncludedInThisPackage\" target=\"_blank\" rel=\"noopener\">&nbsp;<\/a><\/p>\n\n\n\n<h2 class=\"wp-block-heading\">Hva\u00f0 er ekki innifali\u00f0<\/h2>\n\n\n\n<ul class=\"wp-block-list\">\n<li>Flugmi\u00f0ar<\/li>\n\n\n\n<li>Kostna\u00f0ur vi\u00f0 flug<\/li>\n\n\n\n<li>Fer\u00f0atryggingar<\/li>\n\n\n\n<li>Auka\u00fej\u00f3nustur<\/li>\n\n\n\n<li>Me\u00f0fer\u00f0ir<\/li>\n<\/ul>\n\n\n\n<figure class=\"wp-block-gallery has-nested-images columns-default is-cropped wp-block-gallery-4 is-layout-flex wp-block-gallery-is-layout-flex\">\n<figure class=\"wp-block-image size-large\"><img loading=\"lazy\" decoding=\"async\" width=\"1024\" height=\"699\" data-id=\"19949\" src=\"https:\/\/retreatsiceland.com\/wp-content\/uploads\/2021\/08\/IMG_5997-1024x699.jpg\" alt=\"\" class=\"wp-image-19949\" srcset=\"https:\/\/retreatsiceland.com\/wp-content\/uploads\/2021\/08\/IMG_5997-1024x699.jpg 1024w, https:\/\/retreatsiceland.com\/wp-content\/uploads\/2021\/08\/IMG_5997-300x205.jpg 300w, https:\/\/retreatsiceland.com\/wp-content\/uploads\/2021\/08\/IMG_5997-768x524.jpg 768w, https:\/\/retreatsiceland.com\/wp-content\/uploads\/2021\/08\/IMG_5997-1536x1049.jpg 1536w, https:\/\/retreatsiceland.com\/wp-content\/uploads\/2021\/08\/IMG_5997-2048x1399.jpg 2048w, https:\/\/retreatsiceland.com\/wp-content\/uploads\/2021\/08\/IMG_5997-370x253.jpg 370w, https:\/\/retreatsiceland.com\/wp-content\/uploads\/2021\/08\/IMG_5997-840x574.jpg 840w, https:\/\/retreatsiceland.com\/wp-content\/uploads\/2021\/08\/IMG_5997-410x280.jpg 410w, https:\/\/retreatsiceland.com\/wp-content\/uploads\/2021\/08\/IMG_5997-1320x901.jpg 1320w, https:\/\/retreatsiceland.com\/wp-content\/uploads\/2021\/08\/IMG_5997-600x410.jpg 600w\" sizes=\"(max-width: 1024px) 100vw, 1024px\" \/><\/figure>\n\n\n\n<figure class=\"wp-block-image size-large\"><img loading=\"lazy\" decoding=\"async\" width=\"1024\" height=\"768\" data-id=\"19950\" src=\"https:\/\/retreatsiceland.com\/wp-content\/uploads\/2021\/08\/IMG_6327-1024x768.jpg\" alt=\"\" class=\"wp-image-19950\" srcset=\"https:\/\/retreatsiceland.com\/wp-content\/uploads\/2021\/08\/IMG_6327-1024x768.jpg 1024w, https:\/\/retreatsiceland.com\/wp-content\/uploads\/2021\/08\/IMG_6327-300x225.jpg 300w, https:\/\/retreatsiceland.com\/wp-content\/uploads\/2021\/08\/IMG_6327-768x576.jpg 768w, https:\/\/retreatsiceland.com\/wp-content\/uploads\/2021\/08\/IMG_6327-1536x1152.jpg 1536w, https:\/\/retreatsiceland.com\/wp-content\/uploads\/2021\/08\/IMG_6327-2048x1536.jpg 2048w, https:\/\/retreatsiceland.com\/wp-content\/uploads\/2021\/08\/IMG_6327-370x278.jpg 370w, https:\/\/retreatsiceland.com\/wp-content\/uploads\/2021\/08\/IMG_6327-840x630.jpg 840w, https:\/\/retreatsiceland.com\/wp-content\/uploads\/2021\/08\/IMG_6327-410x308.jpg 410w\" sizes=\"(max-width: 1024px) 100vw, 1024px\" \/><\/figure>\n<\/figure>\n\n\n\n<h2 class=\"wp-block-heading\"><\/h2>","protected":false},"excerpt":{"rendered":"<p>vertu me\u00f0 okkur \u00ed nokkra daga af heilun \u00fear sem vi\u00f0 bl\u00f6ndum saman krafti t\u00f3nlistar, n\u00e1tt\u00faru og andlegri heilsu \u00e1samt dj\u00fapri sl\u00f6kun og jafnv\u00e6gi \u00ed l\u00edkama og s\u00e1l.\u00a0<\/p>","protected":false},"author":1,"featured_media":21382,"comment_status":"closed","ping_status":"closed","template":"","cpt_services_group":[200],"class_list":["post-20738","cpt_services","type-cpt_services","status-publish","has-post-thumbnail","hentry","cpt_services_group-retreat"],"_links":{"self":[{"href":"https:\/\/retreatsiceland.com\/is\/wp-json\/wp\/v2\/cpt_services\/20738","targetHints":{"allow":["GET"]}}],"collection":[{"href":"https:\/\/retreatsiceland.com\/is\/wp-json\/wp\/v2\/cpt_services"}],"about":[{"href":"https:\/\/retreatsiceland.com\/is\/wp-json\/wp\/v2\/types\/cpt_services"}],"author":[{"embeddable":true,"href":"https:\/\/retreatsiceland.com\/is\/wp-json\/wp\/v2\/users\/1"}],"replies":[{"embeddable":true,"href":"https:\/\/retreatsiceland.com\/is\/wp-json\/wp\/v2\/comments?post=20738"}],"wp:featuredmedia":[{"embeddable":true,"href":"https:\/\/retreatsiceland.com\/is\/wp-json\/wp\/v2\/media\/21382"}],"wp:attachment":[{"href":"https:\/\/retreatsiceland.com\/is\/wp-json\/wp\/v2\/media?parent=20738"}],"wp:term":[{"taxonomy":"cpt_services_group","embeddable":true,"href":"https:\/\/retreatsiceland.com\/is\/wp-json\/wp\/v2\/cpt_services_group?post=20738"}],"curies":[{"name":"wp","href":"https:\/\/api.w.org\/{rel}","templated":true}]}}