{"id":17379,"date":"2026-02-13T22:45:40","date_gmt":"2026-02-13T22:45:40","guid":{"rendered":"https:\/\/retreatsiceland.com\/services\/nadabrahma-meditation-3-copy-copy-copy-copy-copy-copy\/"},"modified":"2026-04-09T23:18:14","modified_gmt":"2026-04-09T23:18:14","slug":"retreats-solar","status":"publish","type":"cpt_services","link":"https:\/\/retreatsiceland.com\/is\/services\/retreats-solar\/","title":{"rendered":"5 daga umbreytandi S\u00d3LMYRKVA retreat - 8. \u00e1g\u00fast"},"content":{"rendered":"<h2 class=\"wp-block-heading\">Dagsetning<\/h2>\n\n\n\n<p><strong>8. - 12. \u00e1g\u00fast 2026<\/strong><\/p>\n\n\n\n<h2 class=\"wp-block-heading\">Ver\u00f0<\/h2>\n\n\n\n<p>119.000 kr (per manneskju)<br>99.000 (snemmskr\u00e1ning afsl\u00e1ttur)<\/p>\n\n\n\n<h2 class=\"wp-block-heading\">Uppl\u00fdsingar<\/h2>\n\n\n\n<p class=\"translation-block\">\u00cdmynda\u00f0u \u00fe\u00e9r a\u00f0 ey\u00f0a nokkrum d\u00f6gum \u00ed heilandi n\u00e1tt\u00faru \u00cdslands. Slaka\u00f0u \u00e1, nj\u00f3ttu umbreytandi orku og t\u00f3nheilunar, auk \u00feess a\u00f0 skapa tengingar vi\u00f0 n\u00e1tt\u00faru og a\u00f0ra.<\/p>\n\n\n\n<p>Vi\u00f0 viljum bj\u00f3\u00f0a \u00fe\u00e9r a\u00f0 koma me\u00f0 okkur \u00ed<strong>\u00a0magna\u00f0 fer\u00f0alag\u00a0<\/strong>\u00ed fallegt landslag og orku su\u00f0urlandsins \u00fear sem n\u00e1tt\u00fara og andinn m\u00e6tast.<\/p>\n\n\n\n<p>The retreat surroundings are full of spirits and powerful energy that will&nbsp;<strong>guide you toward your spiritual path.<\/strong><\/p>\n\n\n\n<p>Join us\u202f for five transformational days that will blend the power of beautiful music, nature, spirituality, and relaxation to bring&nbsp;<strong>balance and harmony to your mind, body, and soul.<\/strong><\/p>\n\n\n\n<p>Okkar lofor\u00f0:<strong>Fer\u00f0alag heilunar sem gleymist aldrei.&nbsp;<\/strong>\u2764<\/p>\n\n\n\n<p>You will be investing in charging your body and soul,&nbsp;<strong>energetically and spiritually.<\/strong><\/p>\n\n\n\n<p>Our program includes a rich array of activities, from meditations and vibrational therapies to scenic tours and nourishing meals, which is all included.<\/p>\n\n\n\n<h2 class=\"wp-block-heading\">Innifali\u00f0<\/h2>\n\n\n\n<h4 class=\"wp-block-heading\">H\u00e6fni<\/h4>\n\n\n\n<p>Byrjendur e\u00f0a lengra komnir<\/p>\n\n\n\n<h4 class=\"wp-block-heading\">Matur<\/h4>\n\n\n\n<p>Gr\u00e6nmetisr\u00e9ttir, Gluten-laust, ofn\u00e6mi osfrv.<\/p>\n\n\n\n<h5 class=\"wp-block-heading\">Gjafir <\/h5>\n\n\n\n<ul class=\"wp-block-list\">\n<li>Einst\u00f6k og kraftmikil aska<\/li>\n\n\n\n<li>Heillagripur<\/li>\n<\/ul>\n\n\n\n<div style=\"height:20px\" aria-hidden=\"true\" class=\"wp-block-spacer extra_tiny_spacer\"><\/div>\n\n\n\n<figure class=\"wp-block-gallery has-nested-images columns-default is-cropped wp-block-gallery-1 is-layout-flex wp-block-gallery-is-layout-flex\">\n<figure class=\"wp-block-image size-large\"><img fetchpriority=\"high\" decoding=\"async\" width=\"1024\" height=\"576\" data-id=\"21154\" src=\"https:\/\/retreatsiceland.com\/wp-content\/uploads\/2024\/03\/dreamstime_xxl_113380170-1-1024x576.jpg\" alt=\"\" class=\"wp-image-21154\" srcset=\"https:\/\/retreatsiceland.com\/wp-content\/uploads\/2024\/03\/dreamstime_xxl_113380170-1-1024x576.jpg 1024w, https:\/\/retreatsiceland.com\/wp-content\/uploads\/2024\/03\/dreamstime_xxl_113380170-1-300x169.jpg 300w, https:\/\/retreatsiceland.com\/wp-content\/uploads\/2024\/03\/dreamstime_xxl_113380170-1-768x432.jpg 768w, https:\/\/retreatsiceland.com\/wp-content\/uploads\/2024\/03\/dreamstime_xxl_113380170-1-1536x864.jpg 1536w, https:\/\/retreatsiceland.com\/wp-content\/uploads\/2024\/03\/dreamstime_xxl_113380170-1-2048x1152.jpg 2048w, https:\/\/retreatsiceland.com\/wp-content\/uploads\/2024\/03\/dreamstime_xxl_113380170-1-370x208.jpg 370w, https:\/\/retreatsiceland.com\/wp-content\/uploads\/2024\/03\/dreamstime_xxl_113380170-1-1290x725.jpg 1290w, https:\/\/retreatsiceland.com\/wp-content\/uploads\/2024\/03\/dreamstime_xxl_113380170-1-840x473.jpg 840w, https:\/\/retreatsiceland.com\/wp-content\/uploads\/2024\/03\/dreamstime_xxl_113380170-1-410x231.jpg 410w, https:\/\/retreatsiceland.com\/wp-content\/uploads\/2024\/03\/dreamstime_xxl_113380170-1-270x152.jpg 270w\" sizes=\"(max-width: 1024px) 100vw, 1024px\" \/><\/figure>\n\n\n\n<figure class=\"wp-block-image size-large\"><img decoding=\"async\" width=\"1024\" height=\"682\" data-id=\"21152\" src=\"https:\/\/retreatsiceland.com\/wp-content\/uploads\/2024\/03\/dreamstime_xxl_56569845-1-1024x682.jpg\" alt=\"\" class=\"wp-image-21152\" srcset=\"https:\/\/retreatsiceland.com\/wp-content\/uploads\/2024\/03\/dreamstime_xxl_56569845-1-1024x682.jpg 1024w, https:\/\/retreatsiceland.com\/wp-content\/uploads\/2024\/03\/dreamstime_xxl_56569845-1-300x200.jpg 300w, https:\/\/retreatsiceland.com\/wp-content\/uploads\/2024\/03\/dreamstime_xxl_56569845-1-768x512.jpg 768w, https:\/\/retreatsiceland.com\/wp-content\/uploads\/2024\/03\/dreamstime_xxl_56569845-1-1536x1023.jpg 1536w, https:\/\/retreatsiceland.com\/wp-content\/uploads\/2024\/03\/dreamstime_xxl_56569845-1-2048x1364.jpg 2048w, https:\/\/retreatsiceland.com\/wp-content\/uploads\/2024\/03\/dreamstime_xxl_56569845-1-370x246.jpg 370w, https:\/\/retreatsiceland.com\/wp-content\/uploads\/2024\/03\/dreamstime_xxl_56569845-1-840x559.jpg 840w, https:\/\/retreatsiceland.com\/wp-content\/uploads\/2024\/03\/dreamstime_xxl_56569845-1-410x273.jpg 410w\" sizes=\"(max-width: 1024px) 100vw, 1024px\" \/><\/figure>\n<\/figure>\n\n\n\n<h2 class=\"wp-block-heading\">L\u00fdsing<\/h2>\n\n\n\n<p>\u00deinn t\u00edmi ver\u00f0ur sannarlega einstakur&nbsp;<strong>umbreytandi og hjartaopnandi.<\/strong><\/p>\n\n\n\n<p>\u00d3tr\u00faleg og \u00f3gleymanleg upplifun \u00e1 g\u00f3\u00f0u ver\u00f0i, \u00fev\u00ed vi\u00f0 viljum\u00a0<strong>a\u00f0 allir<\/strong>\u00a0f\u00e1i a\u00f0 nj\u00f3ta n\u00e1tt\u00farunnar og sl\u00f6kunnar \u00ed yndislegu umhverfi. <\/p>\n\n\n\n<p class=\"translation-block\">Ef \u00fe\u00fa ert a\u00f0 leita a\u00f0 meiri innleika, hamingju og d\u00fdpri samskiptum \u00ed l\u00edfinu \u00fe\u00e1 finnur \u00fe\u00fa \u00fea\u00f0 hj\u00e1 okkur.<\/p>\n\n\n\n<p class=\"translation-block\">\u00cd st\u00f3rkostlegu landslaginu muntu upplifa \u00fdmsar orkuheilanir til a\u00f0 n\u00e1 fram jafnv\u00e6gi \u00ed huga, l\u00edkama og anda.<\/p>\n\n\n\n<p class=\"translation-block\">\u00de\u00fa munt taka \u00fe\u00e1tt \u00ed leiddum huglei\u00f0slum, \u00f6ndunar\u00e6fingum me\u00f0 orku n\u00e1tt\u00farunnar, upplifa orkuheilun og heilandi t\u00ed\u00f0nir t\u00f3nlistar og t\u00f3nheilunar auk \u00feess a\u00f0 nj\u00f3ta \u00ed kyrr\u00f0inni.<\/p>\n\n\n\n<p class=\"translation-block\">Vi\u00f0 erum afar reynd og lei\u00f0um \u00feig \u00ed gegnum \u00feetta fer\u00f0alag \u00ed \u00f6ruggu umhverfi sem er hanna\u00f0 fyrir \u00feig til a\u00f0 sko\u00f0a \u00feitt innra sj\u00e1lf og vaxa.<\/p>\n\n\n\n<p class=\"translation-block\">VI\u00f0 bj\u00f3\u00f0um upp \u00e1 n\u00e6randi m\u00e1lt\u00ed\u00f0ir og \u00fe\u00e6gilegar a\u00f0st\u00e6\u00f0ur til b\u00fdr til hl\u00fdtt og fallegt umhverfi fyrir \u00feig til a\u00f0 l\u00e6ra, n\u00e6ra andann og vaxa.<\/p>\n\n\n\n<p class=\"translation-block\">Hvort sem \u00fe\u00fa ert a\u00f0 leita eftir fri\u00f0, sk\u00edrleika, e\u00f0a einfaldlega d\u00fdpri tengingu vi\u00f0 sj\u00e1lfan \u00feig \u00fe\u00e1 eru heilunarhelgarnar okkar fer\u00f0alag hjartans \u00fear sem s\u00e1lin finnur fri\u00f0. Komdu me\u00f0 okkur og leyf\u00f0u krafti n\u00e1tt\u00farunnar a\u00f0 lei\u00f0a \u00feig \u00ed fer\u00f0alag sj\u00e1lfs uppg\u00f6tvunar, heilunar og umbreytinga.<\/p>\n\n\n\n<p class=\"translation-block\">St\u00edg\u00f0u inn \u00ed heim umhyggju, gle\u00f0i og d\u00fdpri tenginga. Mundu a\u00f0 \u00fea\u00f0 eru engar tilviljanir \u00ed \u00feessum heimi og \u00fe\u00fa hefur fundi\u00f0 \u00feennan sta\u00f0 af \u00e1st\u00e6\u00f0u.<\/p>\n\n\n\n<p class=\"translation-block\">Nj\u00f3ttu \u00feess a\u00f0 umlykja \u00feig fegur\u00f0 og fallegri orku n\u00e1tt\u00farunnar og f\u00e1\u00f0u t\u00f3l og t\u00e6ki til a\u00f0 n\u00fdta \u00e1 \u00feinni vegfer\u00f0.<\/p>\n\n\n\n<p>Allir eru velkomnir hvort sem einir e\u00f0a me\u00f0 h\u00f3p vina e\u00f0a fj\u00f6lskyldu.<\/p>\n\n\n\n<figure class=\"wp-block-gallery has-nested-images columns-default is-cropped wp-block-gallery-2 is-layout-flex wp-block-gallery-is-layout-flex\">\n<figure class=\"wp-block-image size-large\"><img decoding=\"async\" width=\"1024\" height=\"683\" data-id=\"21155\" src=\"https:\/\/retreatsiceland.com\/wp-content\/uploads\/2024\/03\/dreamstime_xxl_160745841-1024x683.jpg\" alt=\"\" class=\"wp-image-21155\" srcset=\"https:\/\/retreatsiceland.com\/wp-content\/uploads\/2024\/03\/dreamstime_xxl_160745841-1024x683.jpg 1024w, https:\/\/retreatsiceland.com\/wp-content\/uploads\/2024\/03\/dreamstime_xxl_160745841-300x200.jpg 300w, https:\/\/retreatsiceland.com\/wp-content\/uploads\/2024\/03\/dreamstime_xxl_160745841-768x512.jpg 768w, https:\/\/retreatsiceland.com\/wp-content\/uploads\/2024\/03\/dreamstime_xxl_160745841-1536x1024.jpg 1536w, https:\/\/retreatsiceland.com\/wp-content\/uploads\/2024\/03\/dreamstime_xxl_160745841-2048x1365.jpg 2048w, https:\/\/retreatsiceland.com\/wp-content\/uploads\/2024\/03\/dreamstime_xxl_160745841-370x247.jpg 370w, https:\/\/retreatsiceland.com\/wp-content\/uploads\/2024\/03\/dreamstime_xxl_160745841-840x560.jpg 840w, https:\/\/retreatsiceland.com\/wp-content\/uploads\/2024\/03\/dreamstime_xxl_160745841-410x273.jpg 410w\" sizes=\"(max-width: 1024px) 100vw, 1024px\" \/><\/figure>\n\n\n\n<figure class=\"wp-block-image size-large\"><img loading=\"lazy\" decoding=\"async\" width=\"1024\" height=\"692\" data-id=\"21253\" src=\"https:\/\/retreatsiceland.com\/wp-content\/uploads\/2026\/08\/dreamstime_xxl_68332172-1024x692.jpg\" alt=\"\" class=\"wp-image-21253\" srcset=\"https:\/\/retreatsiceland.com\/wp-content\/uploads\/2026\/08\/dreamstime_xxl_68332172-1024x692.jpg 1024w, https:\/\/retreatsiceland.com\/wp-content\/uploads\/2026\/08\/dreamstime_xxl_68332172-300x203.jpg 300w, https:\/\/retreatsiceland.com\/wp-content\/uploads\/2026\/08\/dreamstime_xxl_68332172-768x519.jpg 768w, https:\/\/retreatsiceland.com\/wp-content\/uploads\/2026\/08\/dreamstime_xxl_68332172-1536x1038.jpg 1536w, https:\/\/retreatsiceland.com\/wp-content\/uploads\/2026\/08\/dreamstime_xxl_68332172-2048x1384.jpg 2048w, https:\/\/retreatsiceland.com\/wp-content\/uploads\/2026\/08\/dreamstime_xxl_68332172-370x250.jpg 370w, https:\/\/retreatsiceland.com\/wp-content\/uploads\/2026\/08\/dreamstime_xxl_68332172-840x568.jpg 840w, https:\/\/retreatsiceland.com\/wp-content\/uploads\/2026\/08\/dreamstime_xxl_68332172-410x277.jpg 410w\" sizes=\"(max-width: 1024px) 100vw, 1024px\" \/><\/figure>\n<\/figure>\n\n\n\n<p><strong>B\u00e6ttu vi\u00f0 \u00fe\u00edna upplifun me\u00f0 aukap\u00f6kkum:<\/strong><\/p>\n\n\n\n<ul class=\"wp-block-list\">\n<li>Biofield tuning orkuheilun: 12.000 kr (1 klst)<\/li>\n\n\n\n<li>Reiki orkuheilun: 7.000 kr (30 m\u00edn\u00fatur)<\/li>\n\n\n\n<li>Tarot kortalestur: 7.000 kr (30 m\u00edn\u00fat\u00far)<\/li>\n<\/ul>\n\n\n\n<h2 class=\"wp-block-heading\">\u00d3keypis afb\u00f3kun<\/h2>\n\n\n\n<p>100% endurgrei\u00f0sla 1+ daga fyrir<\/p>\n\n\n\n<h2 class=\"wp-block-heading\">\u00c1vinningur<\/h2>\n\n\n\n<ul class=\"wp-block-list\">\n<li>Afslappandi fr\u00ed \u00e1 fallegum sta\u00f0<\/li>\n\n\n\n<li>Fri\u00f0ur og r\u00f3 fyrir hugann, falleg orka fyrir l\u00edkamann<\/li>\n\n\n\n<li>Tilvalinn sta\u00f0ur til a\u00f0 slaka \u00e1 og nj\u00f3ta fegur\u00f0ar n\u00e1tt\u00farunnar<\/li>\n\n\n\n<li>Gef\u00f0u \u00fe\u00e9r t\u00edma til a\u00f0 einbeita \u00fe\u00e9r a\u00f0 sj\u00e1lfum \u00fe\u00e9r, \u00fe\u00ednu fer\u00f0alagi og innri me\u00f0vitund \u00feinni.<\/li>\n<\/ul>\n\n\n\n<p><a href=\"https:\/\/bookretreats.com\/3-day-deep-healing-journey-relaxing-spiritual-retreat-iceland#whatMakesThisRetreatSpecial\" target=\"_blank\" rel=\"noopener\">&nbsp;<\/a><\/p>\n\n\n\n<h2 class=\"wp-block-heading\">Hva\u00f0 gerir \u00feetta s\u00e9rstakt<\/h2>\n\n\n\n<p>\u00deessi einstaka dv\u00f6l er innbl\u00e1sin arflei\u00f0 okkar sem \u00edslendingum og r\u00edkum hef\u00f0um og er \u00f3l\u00edk \u00f6llum \u00f6\u00f0rum \u00ed heiminum.\u00a0<strong>is unlike any other in the world.<\/strong><\/p>\n\n\n\n<p>Vegfer\u00f0in \u00feint mun lei\u00f0a \u00feig \u00e1 fallegan sta\u00f0 \u00fear sem \u00fe\u00fa getur fari\u00f0 \u00ed g\u00f6ngufer\u00f0ir og slaka\u00f0 \u00e1 \u00fear sem \u00fe\u00fa finnur dj\u00fapa heilun og s\u00e1lartengsl<strong>&nbsp;true relaxation, deep healing, and soul connections.<\/strong><\/p>\n\n\n\n<div style=\"height:13px\" aria-hidden=\"true\" class=\"wp-block-spacer tiny_spacer\"><\/div>\n\n\n<div class=\"widget_area sc_widget_video\"><aside class=\"widget widget_video\"><div id=\"sc_video_1391100909\" class=\"trx_addons_video_player without_cover\"><div class=\"video_embed video_frame\"><iframe src=\"https:\/\/www.youtube.com\/embed\/VQMZQ95LeC4?feature=oembed&#038;wmode=transparent&#038;origin=https%3A%2F%2Fretreatsiceland.com%2Fis&#038;widgetid=1&#038;enablejsapi=1&#038;disablekb=1&#038;modestbranding=1&#038;iv_load_policy=3&#038;rel=0&#038;showinfo=0&#038;playsinline=1\" width=\"940\" height=\"529\"><\/iframe><\/div><\/div><\/aside><\/div>\n\n\n<div style=\"height:100px\" aria-hidden=\"true\" class=\"wp-block-spacer small_spacer\"><\/div>\n\n\n\n<h2 class=\"wp-block-heading\">Dagskr\u00e1<\/h2>\n\n\n\n<p><strong>Laugardagur 8. \u00e1g\u00fast<\/strong><\/p>\n\n\n\n<ul class=\"wp-block-list\">\n<li>Kynning og spjall<\/li>\n\n\n\n<li>Vocal tuning \u00e6fing<\/li>\n\n\n\n<li>Trommuhringur og mantra t\u00f3lnist<\/li>\n\n\n\n<li>Huglei\u00f0ingar og dagb\u00f3karskrif<\/li>\n<\/ul>\n\n\n\n<p><strong>Sunnudagur<\/strong><\/p>\n\n\n\n<ul class=\"wp-block-list\">\n<li>Vekjum l\u00edkamann<\/li>\n\n\n\n<li>Hlj\u00f3\u00f0hringur<\/li>\n\n\n\n<li>H\u00e1degismatur \u00e1 veitingasta\u00f0<\/li>\n\n\n\n<li>Leidd huglei\u00f0sla<\/li>\n\n\n\n<li>Skrepp \u00ed n\u00e1tt\u00faruna<\/li>\n\n\n\n<li><strong>Frj\u00e1ls t\u00edmi<\/strong><\/li>\n\n\n\n<li>T\u00f3nheilun og t\u00f3nba\u00f0<\/li>\n\n\n\n<li>Trommuhringur og mantra t\u00f3lnist<\/li>\n\n\n\n<li>Huglei\u00f0ingar og dagb\u00f3karskrif<\/li>\n<\/ul>\n\n\n\n<p><strong>M\u00e1nudagur<\/strong><\/p>\n\n\n\n<ul class=\"wp-block-list\">\n<li>Vekjum l\u00edkamann<\/li>\n\n\n\n<li>Vocal tuning \u00e6fing<\/li>\n\n\n\n<li>Skrepp \u00ed n\u00e1tt\u00faruna<\/li>\n\n\n\n<li><strong>Frj\u00e1ls t\u00edmi<\/strong><\/li>\n\n\n\n<li>Leidd huglei\u00f0sla<\/li>\n\n\n\n<li>Cacao serem\u00f3n\u00eda<\/li>\n\n\n\n<li>Eldhreinsun ath\u00f6fn<\/li>\n\n\n\n<li>Trommuhringur og mantra t\u00f3lnist<\/li>\n\n\n\n<li>Huglei\u00f0ingar og dagb\u00f3karskrif<\/li>\n<\/ul>\n\n\n\n<p><strong>\u00deri\u00f0judagur<\/strong><\/p>\n\n\n\n<ul class=\"wp-block-list\">\n<li>Vekjum l\u00edkamann<\/li>\n\n\n\n<li>Vocal tuning \u00e6fing<\/li>\n\n\n\n<li>Leidd huglei\u00f0sla<\/li>\n\n\n\n<li>Skrepp \u00e1 r\u00fantinn<\/li>\n\n\n\n<li><strong>Frj\u00e1ls t\u00edmi<\/strong><\/li>\n\n\n\n<li>Sacred vibrations orkuheilun<\/li>\n\n\n\n<li>Trommuhringur og mantra t\u00f3lnist<\/li>\n\n\n\n<li>Huglei\u00f0ingar og dagb\u00f3karskrif<\/li>\n<\/ul>\n\n\n\n<p><strong>Mi\u00f0vikudagur s\u00f3lmyrkvi<\/strong><\/p>\n\n\n\n<ul class=\"wp-block-list\">\n<li>Morgunmatur<\/li>\n\n\n\n<li>Vekjum l\u00edkamann<\/li>\n\n\n\n<li>Oracle kortalestur<\/li>\n\n\n\n<li><strong>Frj\u00e1ls t\u00edmi<\/strong><\/li>\n\n\n\n<li>N\u00e1tt\u00farulaug<\/li>\n\n\n\n<li><strong>SOLAR ECLIPSE<\/strong>\u00a0ceremony at 5pm<\/li>\n\n\n\n<li>Kv\u00f6ldmatur<\/li>\n<\/ul>\n\n\n\n<p><\/p>\n\n\n\n<p><a href=\"https:\/\/bookretreats.com\/3-day-deep-healing-journey-relaxing-spiritual-retreat-iceland#food\" target=\"_blank\" rel=\"noopener\">&nbsp;<\/a><\/p>\n\n\n\n<figure class=\"wp-block-gallery has-nested-images columns-default is-cropped wp-block-gallery-3 is-layout-flex wp-block-gallery-is-layout-flex\">\n<figure class=\"wp-block-image size-large\"><img loading=\"lazy\" decoding=\"async\" width=\"1024\" height=\"768\" data-id=\"19947\" src=\"https:\/\/retreatsiceland.com\/wp-content\/uploads\/2021\/08\/IMG_6001-1024x768.jpg\" alt=\"\" class=\"wp-image-19947\" srcset=\"https:\/\/retreatsiceland.com\/wp-content\/uploads\/2021\/08\/IMG_6001-1024x768.jpg 1024w, https:\/\/retreatsiceland.com\/wp-content\/uploads\/2021\/08\/IMG_6001-300x225.jpg 300w, https:\/\/retreatsiceland.com\/wp-content\/uploads\/2021\/08\/IMG_6001-768x576.jpg 768w, https:\/\/retreatsiceland.com\/wp-content\/uploads\/2021\/08\/IMG_6001-1536x1152.jpg 1536w, https:\/\/retreatsiceland.com\/wp-content\/uploads\/2021\/08\/IMG_6001-2048x1536.jpg 2048w, https:\/\/retreatsiceland.com\/wp-content\/uploads\/2021\/08\/IMG_6001-370x278.jpg 370w, https:\/\/retreatsiceland.com\/wp-content\/uploads\/2021\/08\/IMG_6001-840x630.jpg 840w, https:\/\/retreatsiceland.com\/wp-content\/uploads\/2021\/08\/IMG_6001-410x308.jpg 410w\" sizes=\"(max-width: 1024px) 100vw, 1024px\" \/><\/figure>\n\n\n\n<figure class=\"wp-block-image size-large\"><img loading=\"lazy\" decoding=\"async\" width=\"1024\" height=\"768\" data-id=\"19948\" src=\"https:\/\/retreatsiceland.com\/wp-content\/uploads\/2021\/08\/IMG_60021-1024x768.jpg\" alt=\"\" class=\"wp-image-19948\" srcset=\"https:\/\/retreatsiceland.com\/wp-content\/uploads\/2021\/08\/IMG_60021-1024x768.jpg 1024w, https:\/\/retreatsiceland.com\/wp-content\/uploads\/2021\/08\/IMG_60021-300x225.jpg 300w, https:\/\/retreatsiceland.com\/wp-content\/uploads\/2021\/08\/IMG_60021-768x576.jpg 768w, https:\/\/retreatsiceland.com\/wp-content\/uploads\/2021\/08\/IMG_60021-1536x1152.jpg 1536w, https:\/\/retreatsiceland.com\/wp-content\/uploads\/2021\/08\/IMG_60021-2048x1536.jpg 2048w, https:\/\/retreatsiceland.com\/wp-content\/uploads\/2021\/08\/IMG_60021-370x278.jpg 370w, https:\/\/retreatsiceland.com\/wp-content\/uploads\/2021\/08\/IMG_60021-840x630.jpg 840w, https:\/\/retreatsiceland.com\/wp-content\/uploads\/2021\/08\/IMG_60021-410x308.jpg 410w\" sizes=\"(max-width: 1024px) 100vw, 1024px\" \/><\/figure>\n<\/figure>\n\n\n\n<h2 class=\"wp-block-heading\">Matur<\/h2>\n\n\n\n<p>\u00de\u00fa munt sn\u00e6\u00f0a bl\u00f6ndu af l\u00e9ttum vegan e\u00f0a gr\u00e6nmetisr\u00e9ttum.<br>Vi\u00f0 munum rei\u00f0a fram gr\u00e6nmetiss\u00fapur, pasta, vegan j\u00f3g\u00fart, salat, \u00e1vexti, brau\u00f0 og annan l\u00e9ttan mat.<br>Brau\u00f0 og snarl eru alltaf \u00ed bo\u00f0i \u00e1samt jurtate, kaffi, s\u00f6fum og vatni.<\/p>\n\n\n\n<h2 class=\"wp-block-heading\">Hva\u00f0 er innifali\u00f0<\/h2>\n\n\n\n<ul class=\"wp-block-list\">\n<li>Gisting<\/li>\n\n\n\n<li>\u00derj\u00e1r m\u00e1lt\u00ed\u00f0ir \u00e1 dag<\/li>\n\n\n\n<li>Vatn, kaffi, te og safar<\/li>\n\n\n\n<li>Daglegar huglei\u00f0slur<\/li>\n\n\n\n<li>Fer\u00f0ir \u00fat fyrir h\u00fasi\u00f0 \u00e1 \u00fdmsa sta\u00f0i<\/li>\n\n\n\n<li>B\u00edlfer\u00f0ir \u00e1 me\u00f0an helgin er<\/li>\n\n\n\n<li>Inngangseyrir og annar kostna\u00f0ur<\/li>\n\n\n\n<li>Myndataka<\/li>\n\n\n\n<li>B\u00edlast\u00e6\u00f0i<\/li>\n\n\n\n<li>Geymsla farangurs<\/li>\n\n\n\n<li>\u00dej\u00f3nusta fyrir og eftir<\/li>\n\n\n\n<li>Internet og \u00fer\u00e1\u00f0laust internet<\/li>\n\n\n\n<li>B\u00e6klingur og lei\u00f0beiningar<\/li>\n<\/ul>\n\n\n\n<p><a href=\"https:\/\/bookretreats.com\/3-day-deep-healing-journey-relaxing-spiritual-retreat-iceland#whatsNotIncludedInThisPackage\" target=\"_blank\" rel=\"noopener\">&nbsp;<\/a><\/p>\n\n\n\n<h2 class=\"wp-block-heading\">Hva\u00f0 er ekki innifali\u00f0<\/h2>\n\n\n\n<ul class=\"wp-block-list\">\n<li>Flugmi\u00f0ar<\/li>\n\n\n\n<li>Kostna\u00f0ur vi\u00f0 flug<\/li>\n\n\n\n<li>Fer\u00f0atryggingar<\/li>\n\n\n\n<li>Auka\u00fej\u00f3nustur<\/li>\n\n\n\n<li>Me\u00f0fer\u00f0ir<\/li>\n<\/ul>\n\n\n\n<figure class=\"wp-block-gallery has-nested-images columns-default is-cropped wp-block-gallery-4 is-layout-flex wp-block-gallery-is-layout-flex\">\n<figure class=\"wp-block-image size-large\"><img loading=\"lazy\" decoding=\"async\" width=\"1024\" height=\"699\" data-id=\"19949\" src=\"https:\/\/retreatsiceland.com\/wp-content\/uploads\/2021\/08\/IMG_5997-1024x699.jpg\" alt=\"\" class=\"wp-image-19949\" srcset=\"https:\/\/retreatsiceland.com\/wp-content\/uploads\/2021\/08\/IMG_5997-1024x699.jpg 1024w, https:\/\/retreatsiceland.com\/wp-content\/uploads\/2021\/08\/IMG_5997-300x205.jpg 300w, https:\/\/retreatsiceland.com\/wp-content\/uploads\/2021\/08\/IMG_5997-768x524.jpg 768w, https:\/\/retreatsiceland.com\/wp-content\/uploads\/2021\/08\/IMG_5997-1536x1049.jpg 1536w, https:\/\/retreatsiceland.com\/wp-content\/uploads\/2021\/08\/IMG_5997-2048x1399.jpg 2048w, https:\/\/retreatsiceland.com\/wp-content\/uploads\/2021\/08\/IMG_5997-370x253.jpg 370w, https:\/\/retreatsiceland.com\/wp-content\/uploads\/2021\/08\/IMG_5997-840x574.jpg 840w, https:\/\/retreatsiceland.com\/wp-content\/uploads\/2021\/08\/IMG_5997-410x280.jpg 410w, https:\/\/retreatsiceland.com\/wp-content\/uploads\/2021\/08\/IMG_5997-1320x901.jpg 1320w, https:\/\/retreatsiceland.com\/wp-content\/uploads\/2021\/08\/IMG_5997-600x410.jpg 600w\" sizes=\"(max-width: 1024px) 100vw, 1024px\" \/><\/figure>\n\n\n\n<figure class=\"wp-block-image size-large\"><img loading=\"lazy\" decoding=\"async\" width=\"1024\" height=\"768\" data-id=\"19950\" src=\"https:\/\/retreatsiceland.com\/wp-content\/uploads\/2021\/08\/IMG_6327-1024x768.jpg\" alt=\"\" class=\"wp-image-19950\" srcset=\"https:\/\/retreatsiceland.com\/wp-content\/uploads\/2021\/08\/IMG_6327-1024x768.jpg 1024w, https:\/\/retreatsiceland.com\/wp-content\/uploads\/2021\/08\/IMG_6327-300x225.jpg 300w, https:\/\/retreatsiceland.com\/wp-content\/uploads\/2021\/08\/IMG_6327-768x576.jpg 768w, https:\/\/retreatsiceland.com\/wp-content\/uploads\/2021\/08\/IMG_6327-1536x1152.jpg 1536w, https:\/\/retreatsiceland.com\/wp-content\/uploads\/2021\/08\/IMG_6327-2048x1536.jpg 2048w, https:\/\/retreatsiceland.com\/wp-content\/uploads\/2021\/08\/IMG_6327-370x278.jpg 370w, https:\/\/retreatsiceland.com\/wp-content\/uploads\/2021\/08\/IMG_6327-840x630.jpg 840w, https:\/\/retreatsiceland.com\/wp-content\/uploads\/2021\/08\/IMG_6327-410x308.jpg 410w\" sizes=\"(max-width: 1024px) 100vw, 1024px\" \/><\/figure>\n<\/figure>","protected":false},"excerpt":{"rendered":"<p>vertu me\u00f0 okkur \u00ed nokkra daga af heilun \u00fear sem vi\u00f0 bl\u00f6ndum saman krafti t\u00f3nlistar, n\u00e1tt\u00faru og andlegri heilsu \u00e1samt dj\u00fapri sl\u00f6kun og jafnv\u00e6gi \u00ed l\u00edkama og s\u00e1l.\u00a0<\/p>","protected":false},"author":1,"featured_media":21383,"comment_status":"closed","ping_status":"closed","template":"","cpt_services_group":[200],"class_list":["post-17379","cpt_services","type-cpt_services","status-publish","has-post-thumbnail","hentry","cpt_services_group-retreat"],"_links":{"self":[{"href":"https:\/\/retreatsiceland.com\/is\/wp-json\/wp\/v2\/cpt_services\/17379","targetHints":{"allow":["GET"]}}],"collection":[{"href":"https:\/\/retreatsiceland.com\/is\/wp-json\/wp\/v2\/cpt_services"}],"about":[{"href":"https:\/\/retreatsiceland.com\/is\/wp-json\/wp\/v2\/types\/cpt_services"}],"author":[{"embeddable":true,"href":"https:\/\/retreatsiceland.com\/is\/wp-json\/wp\/v2\/users\/1"}],"replies":[{"embeddable":true,"href":"https:\/\/retreatsiceland.com\/is\/wp-json\/wp\/v2\/comments?post=17379"}],"wp:featuredmedia":[{"embeddable":true,"href":"https:\/\/retreatsiceland.com\/is\/wp-json\/wp\/v2\/media\/21383"}],"wp:attachment":[{"href":"https:\/\/retreatsiceland.com\/is\/wp-json\/wp\/v2\/media?parent=17379"}],"wp:term":[{"taxonomy":"cpt_services_group","embeddable":true,"href":"https:\/\/retreatsiceland.com\/is\/wp-json\/wp\/v2\/cpt_services_group?post=17379"}],"curies":[{"name":"wp","href":"https:\/\/api.w.org\/{rel}","templated":true}]}}